{"id":1676,"date":"2025-09-30T23:19:15","date_gmt":"2025-09-30T21:19:15","guid":{"rendered":"https:\/\/newdkas.wpm.hehe.si\/?page_id=1676"},"modified":"2025-09-30T23:19:15","modified_gmt":"2025-09-30T21:19:15","slug":"strokovni-voden-ogled-po-ljubljani-srecanje-krajina-krajobraz-pejzaz","status":"publish","type":"page","link":"https:\/\/dkas.si\/en\/aktivnosti\/posveti-in-konference\/strokovni-voden-ogled-po-ljubljani-srecanje-krajina-krajobraz-pejzaz\/","title":{"rendered":"Strokovni voden ogled po Ljubljani, sre\u010danje Krajina-Krajobraz-Pejza\u017e"},"content":{"rendered":"<h2>Strokovni voden ogled po Ljubljani, sre\u010danje Krajina-Krajobraz-Pejza\u017e<\/h2>\n<p>V okviru sre\u010danja treh dru\u0161tev krajinskih arhitektov Slovenije, Hrva\u0161ke in Srbije (Krajina-Krajobraz-Pejza\u017e) smo 16. maja 2016 organizirali strokovni voden ogled po Ljubljani. Skupna tema poti je bila povezana s temo leto\u0161nje konference, in sicer zelena infrastruktura. Poudarek je bil na zelenih povr\u0161inah in javnem prostoru starega mestnega jedra Ljubljane, govorili smo tudi o trajnostni mobilnosti, dostopnosti za vse, predvsem o dostopnosti za slepe in slabovidne, pa tudi o prenovah javnega prostora. V ve\u010djem delu poti je bil klju\u010dni poudarek tudi na kulturni dedi\u0161\u010dini in zapu\u0161\u010dini Ple\u010dnikovih ureditev odprtega prostora. Sprehod smo za\u010deli pri Herkulovem vodnjaku, nadaljevali preko Levstikovega trga, Krakovskega nasipa, do Trnovskega mostu, Kri\u017eank, preko Vegove ulice, mimo Novega trga in NUKa na Kongresni trg ter preko Wolfove in \u010copove ulice do Slovenske ceste, kjer so udele\u017eenci s pomo\u010djo pripomo\u010dkov za slepe in slabovidne poizkusili slediti talnemu taktilnemu vodilnemu sistemu. Na za\u010detku poti nas je pozdravila prof. dr. Ana Ku\u010dan, ogled po Ljubljani pa so vodile krajinske arhitektke: mag. Darja Pergovnik, Mojca Balant, Andreja Albreht, dr. Andreja Zapu\u0161ek \u010cerne in dr. Petra Vertelj Nared. Na sprehodu nas je spremljal krajinski arhitekt in fotograf Luka Vidic.<\/p>\n<div id='gallery-1' class='gallery galleryid-1676 gallery-columns-3 gallery-size-thumbnail'><figure class='gallery-item'>\n\t\t\t<div class='gallery-icon landscape'>\n\t\t\t\t<a href='https:\/\/dkas.si\/en\/aktivnosti\/posveti-in-konference\/strokovni-voden-ogled-po-ljubljani-srecanje-krajina-krajobraz-pejzaz\/dkas_lj-sprehod_002\/'><img loading=\"lazy\" decoding=\"async\" width=\"150\" height=\"150\" src=\"https:\/\/dkas.si\/wp-content\/uploads\/2025\/09\/DKAS_Lj-sprehod_002-150x150.jpg\" class=\"attachment-thumbnail size-thumbnail\" alt=\"\" \/><\/a>\n\t\t\t<\/div><\/figure><figure class='gallery-item'>\n\t\t\t<div class='gallery-icon landscape'>\n\t\t\t\t<a href='https:\/\/dkas.si\/en\/aktivnosti\/posveti-in-konference\/strokovni-voden-ogled-po-ljubljani-srecanje-krajina-krajobraz-pejzaz\/dkas_lj-sprehod_003\/'><img loading=\"lazy\" decoding=\"async\" width=\"150\" height=\"150\" src=\"https:\/\/dkas.si\/wp-content\/uploads\/2025\/09\/DKAS_Lj-sprehod_003-150x150.jpg\" class=\"attachment-thumbnail size-thumbnail\" alt=\"\" \/><\/a>\n\t\t\t<\/div><\/figure><figure class='gallery-item'>\n\t\t\t<div class='gallery-icon landscape'>\n\t\t\t\t<a href='https:\/\/dkas.si\/en\/aktivnosti\/posveti-in-konference\/strokovni-voden-ogled-po-ljubljani-srecanje-krajina-krajobraz-pejzaz\/dkas_lj-sprehod_005\/'><img loading=\"lazy\" decoding=\"async\" width=\"150\" height=\"150\" src=\"https:\/\/dkas.si\/wp-content\/uploads\/2025\/09\/DKAS_Lj-sprehod_005-150x150.jpg\" class=\"attachment-thumbnail size-thumbnail\" alt=\"\" \/><\/a>\n\t\t\t<\/div><\/figure><figure class='gallery-item'>\n\t\t\t<div class='gallery-icon portrait'>\n\t\t\t\t<a href='https:\/\/dkas.si\/en\/aktivnosti\/posveti-in-konference\/strokovni-voden-ogled-po-ljubljani-srecanje-krajina-krajobraz-pejzaz\/dkas_lj-sprehod_006\/'><img loading=\"lazy\" decoding=\"async\" width=\"150\" height=\"150\" src=\"https:\/\/dkas.si\/wp-content\/uploads\/2025\/09\/DKAS_Lj-sprehod_006-150x150.jpg\" class=\"attachment-thumbnail size-thumbnail\" alt=\"\" \/><\/a>\n\t\t\t<\/div><\/figure><figure class='gallery-item'>\n\t\t\t<div class='gallery-icon landscape'>\n\t\t\t\t<a href='https:\/\/dkas.si\/en\/aktivnosti\/posveti-in-konference\/strokovni-voden-ogled-po-ljubljani-srecanje-krajina-krajobraz-pejzaz\/dkas_lj-sprehod_007\/'><img loading=\"lazy\" decoding=\"async\" width=\"150\" height=\"150\" src=\"https:\/\/dkas.si\/wp-content\/uploads\/2025\/09\/DKAS_Lj-sprehod_007-150x150.jpg\" class=\"attachment-thumbnail size-thumbnail\" alt=\"\" \/><\/a>\n\t\t\t<\/div><\/figure><figure class='gallery-item'>\n\t\t\t<div class='gallery-icon landscape'>\n\t\t\t\t<a href='https:\/\/dkas.si\/en\/aktivnosti\/posveti-in-konference\/strokovni-voden-ogled-po-ljubljani-srecanje-krajina-krajobraz-pejzaz\/dkas_lj-sprehod_008\/'><img loading=\"lazy\" decoding=\"async\" width=\"150\" height=\"150\" src=\"https:\/\/dkas.si\/wp-content\/uploads\/2025\/09\/DKAS_Lj-sprehod_008-150x150.jpg\" class=\"attachment-thumbnail size-thumbnail\" alt=\"\" \/><\/a>\n\t\t\t<\/div><\/figure><figure class='gallery-item'>\n\t\t\t<div class='gallery-icon portrait'>\n\t\t\t\t<a href='https:\/\/dkas.si\/en\/aktivnosti\/posveti-in-konference\/strokovni-voden-ogled-po-ljubljani-srecanje-krajina-krajobraz-pejzaz\/dkas_lj-sprehod_009\/'><img loading=\"lazy\" decoding=\"async\" width=\"150\" height=\"150\" src=\"https:\/\/dkas.si\/wp-content\/uploads\/2025\/09\/DKAS_Lj-sprehod_009-150x150.jpg\" class=\"attachment-thumbnail size-thumbnail\" alt=\"\" \/><\/a>\n\t\t\t<\/div><\/figure><figure class='gallery-item'>\n\t\t\t<div class='gallery-icon landscape'>\n\t\t\t\t<a href='https:\/\/dkas.si\/en\/aktivnosti\/posveti-in-konference\/strokovni-voden-ogled-po-ljubljani-srecanje-krajina-krajobraz-pejzaz\/dkas_lj-sprehod_011\/'><img loading=\"lazy\" decoding=\"async\" width=\"150\" height=\"150\" src=\"https:\/\/dkas.si\/wp-content\/uploads\/2025\/09\/DKAS_Lj-sprehod_011-150x150.jpg\" class=\"attachment-thumbnail size-thumbnail\" alt=\"\" \/><\/a>\n\t\t\t<\/div><\/figure><figure class='gallery-item'>\n\t\t\t<div class='gallery-icon landscape'>\n\t\t\t\t<a href='https:\/\/dkas.si\/en\/aktivnosti\/posveti-in-konference\/strokovni-voden-ogled-po-ljubljani-srecanje-krajina-krajobraz-pejzaz\/dkas_lj-sprehod_012\/'><img loading=\"lazy\" decoding=\"async\" width=\"150\" height=\"150\" src=\"https:\/\/dkas.si\/wp-content\/uploads\/2025\/09\/DKAS_Lj-sprehod_012-150x150.jpg\" class=\"attachment-thumbnail size-thumbnail\" alt=\"\" \/><\/a>\n\t\t\t<\/div><\/figure><figure class='gallery-item'>\n\t\t\t<div class='gallery-icon landscape'>\n\t\t\t\t<a href='https:\/\/dkas.si\/en\/aktivnosti\/posveti-in-konference\/strokovni-voden-ogled-po-ljubljani-srecanje-krajina-krajobraz-pejzaz\/dkas_lj-sprehod_014\/'><img loading=\"lazy\" decoding=\"async\" width=\"150\" height=\"150\" src=\"https:\/\/dkas.si\/wp-content\/uploads\/2025\/09\/DKAS_Lj-sprehod_014-150x150.jpg\" class=\"attachment-thumbnail size-thumbnail\" alt=\"\" srcset=\"https:\/\/dkas.si\/wp-content\/uploads\/2025\/09\/DKAS_Lj-sprehod_014-150x150.jpg 150w, https:\/\/dkas.si\/wp-content\/uploads\/2025\/09\/DKAS_Lj-sprehod_014-300x300.jpg 300w, https:\/\/dkas.si\/wp-content\/uploads\/2025\/09\/DKAS_Lj-sprehod_014.jpg 720w\" sizes=\"auto, (max-width: 150px) 100vw, 150px\" \/><\/a>\n\t\t\t<\/div><\/figure><figure class='gallery-item'>\n\t\t\t<div class='gallery-icon landscape'>\n\t\t\t\t<a href='https:\/\/dkas.si\/en\/aktivnosti\/posveti-in-konference\/strokovni-voden-ogled-po-ljubljani-srecanje-krajina-krajobraz-pejzaz\/dkas_lj-sprehod_015\/'><img loading=\"lazy\" decoding=\"async\" width=\"150\" height=\"150\" src=\"https:\/\/dkas.si\/wp-content\/uploads\/2025\/09\/DKAS_Lj-sprehod_015-150x150.jpg\" class=\"attachment-thumbnail size-thumbnail\" alt=\"\" \/><\/a>\n\t\t\t<\/div><\/figure><figure class='gallery-item'>\n\t\t\t<div class='gallery-icon landscape'>\n\t\t\t\t<a href='https:\/\/dkas.si\/en\/aktivnosti\/posveti-in-konference\/strokovni-voden-ogled-po-ljubljani-srecanje-krajina-krajobraz-pejzaz\/dkas_lj-sprehod_017\/'><img loading=\"lazy\" decoding=\"async\" width=\"150\" height=\"150\" src=\"https:\/\/dkas.si\/wp-content\/uploads\/2025\/09\/DKAS_Lj-sprehod_017-150x150.jpg\" class=\"attachment-thumbnail size-thumbnail\" alt=\"\" \/><\/a>\n\t\t\t<\/div><\/figure><figure class='gallery-item'>\n\t\t\t<div class='gallery-icon landscape'>\n\t\t\t\t<a href='https:\/\/dkas.si\/en\/aktivnosti\/posveti-in-konference\/strokovni-voden-ogled-po-ljubljani-srecanje-krajina-krajobraz-pejzaz\/dkas_lj-sprehod_019\/'><img loading=\"lazy\" decoding=\"async\" width=\"150\" height=\"150\" src=\"https:\/\/dkas.si\/wp-content\/uploads\/2025\/09\/DKAS_Lj-sprehod_019-150x150.jpg\" class=\"attachment-thumbnail size-thumbnail\" alt=\"\" \/><\/a>\n\t\t\t<\/div><\/figure><figure class='gallery-item'>\n\t\t\t<div class='gallery-icon landscape'>\n\t\t\t\t<a href='https:\/\/dkas.si\/en\/aktivnosti\/posveti-in-konference\/strokovni-voden-ogled-po-ljubljani-srecanje-krajina-krajobraz-pejzaz\/dkas_lj-sprehod_020\/'><img loading=\"lazy\" decoding=\"async\" width=\"150\" height=\"150\" src=\"https:\/\/dkas.si\/wp-content\/uploads\/2025\/09\/DKAS_Lj-sprehod_020-150x150.jpg\" class=\"attachment-thumbnail size-thumbnail\" alt=\"\" \/><\/a>\n\t\t\t<\/div><\/figure><figure class='gallery-item'>\n\t\t\t<div class='gallery-icon landscape'>\n\t\t\t\t<a href='https:\/\/dkas.si\/en\/aktivnosti\/posveti-in-konference\/strokovni-voden-ogled-po-ljubljani-srecanje-krajina-krajobraz-pejzaz\/dkas_lj-sprehod_021\/'><img loading=\"lazy\" decoding=\"async\" width=\"150\" height=\"150\" src=\"https:\/\/dkas.si\/wp-content\/uploads\/2025\/09\/DKAS_Lj-sprehod_021-150x150.jpg\" class=\"attachment-thumbnail size-thumbnail\" alt=\"\" \/><\/a>\n\t\t\t<\/div><\/figure><figure class='gallery-item'>\n\t\t\t<div class='gallery-icon landscape'>\n\t\t\t\t<a href='https:\/\/dkas.si\/en\/aktivnosti\/posveti-in-konference\/strokovni-voden-ogled-po-ljubljani-srecanje-krajina-krajobraz-pejzaz\/dkas_lj-sprehod_022\/'><img loading=\"lazy\" decoding=\"async\" width=\"150\" height=\"150\" src=\"https:\/\/dkas.si\/wp-content\/uploads\/2025\/09\/DKAS_Lj-sprehod_022-150x150.jpg\" class=\"attachment-thumbnail size-thumbnail\" alt=\"\" \/><\/a>\n\t\t\t<\/div><\/figure><figure class='gallery-item'>\n\t\t\t<div class='gallery-icon landscape'>\n\t\t\t\t<a href='https:\/\/dkas.si\/en\/aktivnosti\/posveti-in-konference\/strokovni-voden-ogled-po-ljubljani-srecanje-krajina-krajobraz-pejzaz\/dkas_lj-sprehod_023\/'><img loading=\"lazy\" decoding=\"async\" width=\"150\" height=\"150\" src=\"https:\/\/dkas.si\/wp-content\/uploads\/2025\/09\/DKAS_Lj-sprehod_023-150x150.jpg\" class=\"attachment-thumbnail size-thumbnail\" alt=\"\" \/><\/a>\n\t\t\t<\/div><\/figure><figure class='gallery-item'>\n\t\t\t<div class='gallery-icon portrait'>\n\t\t\t\t<a href='https:\/\/dkas.si\/en\/aktivnosti\/posveti-in-konference\/strokovni-voden-ogled-po-ljubljani-srecanje-krajina-krajobraz-pejzaz\/dkas_lj-sprehod_024\/'><img loading=\"lazy\" decoding=\"async\" width=\"150\" height=\"150\" src=\"https:\/\/dkas.si\/wp-content\/uploads\/2025\/09\/DKAS_Lj-sprehod_024-150x150.jpg\" class=\"attachment-thumbnail size-thumbnail\" alt=\"\" \/><\/a>\n\t\t\t<\/div><\/figure><figure class='gallery-item'>\n\t\t\t<div class='gallery-icon landscape'>\n\t\t\t\t<a href='https:\/\/dkas.si\/en\/aktivnosti\/posveti-in-konference\/strokovni-voden-ogled-po-ljubljani-srecanje-krajina-krajobraz-pejzaz\/dkas_lj-sprehod_025\/'><img loading=\"lazy\" decoding=\"async\" width=\"150\" height=\"150\" src=\"https:\/\/dkas.si\/wp-content\/uploads\/2025\/09\/DKAS_Lj-sprehod_025-150x150.jpg\" class=\"attachment-thumbnail size-thumbnail\" alt=\"\" \/><\/a>\n\t\t\t<\/div><\/figure><figure class='gallery-item'>\n\t\t\t<div class='gallery-icon landscape'>\n\t\t\t\t<a href='https:\/\/dkas.si\/en\/aktivnosti\/posveti-in-konference\/strokovni-voden-ogled-po-ljubljani-srecanje-krajina-krajobraz-pejzaz\/dkas_lj-sprehod_026\/'><img loading=\"lazy\" decoding=\"async\" width=\"150\" height=\"150\" src=\"https:\/\/dkas.si\/wp-content\/uploads\/2025\/09\/DKAS_Lj-sprehod_026-150x150.jpg\" class=\"attachment-thumbnail size-thumbnail\" alt=\"\" srcset=\"https:\/\/dkas.si\/wp-content\/uploads\/2025\/09\/DKAS_Lj-sprehod_026-150x150.jpg 150w, https:\/\/dkas.si\/wp-content\/uploads\/2025\/09\/DKAS_Lj-sprehod_026-300x300.jpg 300w, https:\/\/dkas.si\/wp-content\/uploads\/2025\/09\/DKAS_Lj-sprehod_026.jpg 720w\" sizes=\"auto, (max-width: 150px) 100vw, 150px\" \/><\/a>\n\t\t\t<\/div><\/figure><figure class='gallery-item'>\n\t\t\t<div class='gallery-icon landscape'>\n\t\t\t\t<a href='https:\/\/dkas.si\/en\/aktivnosti\/posveti-in-konference\/strokovni-voden-ogled-po-ljubljani-srecanje-krajina-krajobraz-pejzaz\/dkas_lj-sprehod_027\/'><img loading=\"lazy\" decoding=\"async\" width=\"150\" height=\"150\" src=\"https:\/\/dkas.si\/wp-content\/uploads\/2025\/09\/DKAS_Lj-sprehod_027-150x150.jpg\" class=\"attachment-thumbnail size-thumbnail\" alt=\"\" srcset=\"https:\/\/dkas.si\/wp-content\/uploads\/2025\/09\/DKAS_Lj-sprehod_027-150x150.jpg 150w, https:\/\/dkas.si\/wp-content\/uploads\/2025\/09\/DKAS_Lj-sprehod_027-300x300.jpg 300w, https:\/\/dkas.si\/wp-content\/uploads\/2025\/09\/DKAS_Lj-sprehod_027.jpg 720w\" sizes=\"auto, (max-width: 150px) 100vw, 150px\" \/><\/a>\n\t\t\t<\/div><\/figure><figure class='gallery-item'>\n\t\t\t<div class='gallery-icon portrait'>\n\t\t\t\t<a href='https:\/\/dkas.si\/en\/aktivnosti\/posveti-in-konference\/strokovni-voden-ogled-po-ljubljani-srecanje-krajina-krajobraz-pejzaz\/dkas_lj-sprehod_028\/'><img loading=\"lazy\" decoding=\"async\" width=\"150\" height=\"150\" src=\"https:\/\/dkas.si\/wp-content\/uploads\/2025\/09\/DKAS_Lj-sprehod_028-150x150.jpg\" class=\"attachment-thumbnail size-thumbnail\" alt=\"\" \/><\/a>\n\t\t\t<\/div><\/figure>\n\t\t<\/div>\n\n","protected":false},"excerpt":{"rendered":"<p>Strokovni voden ogled po Ljubljani, sre\u010danje Krajina-Krajobraz-Pejza\u017e V okviru sre\u010danja treh dru\u0161tev krajinskih arhitektov Slovenije, Hrva\u0161ke in Srbije (Krajina-Krajobraz-Pejza\u017e) smo 16. maja 2016 organizirali strokovni voden ogled po Ljubljani. Skupna tema poti je bila povezana s temo leto\u0161nje konference, in sicer zelena infrastruktura. Poudarek je bil na zelenih povr\u0161inah in javnem prostoru starega mestnega jedra [&hellip;]<\/p>\n","protected":false},"author":2,"featured_media":0,"parent":185,"menu_order":0,"comment_status":"closed","ping_status":"closed","template":"","meta":{"footnotes":""},"class_list":["post-1676","page","type-page","status-publish","hentry"],"_links":{"self":[{"href":"https:\/\/dkas.si\/en\/wp-json\/wp\/v2\/pages\/1676","targetHints":{"allow":["GET"]}}],"collection":[{"href":"https:\/\/dkas.si\/en\/wp-json\/wp\/v2\/pages"}],"about":[{"href":"https:\/\/dkas.si\/en\/wp-json\/wp\/v2\/types\/page"}],"author":[{"embeddable":true,"href":"https:\/\/dkas.si\/en\/wp-json\/wp\/v2\/users\/2"}],"replies":[{"embeddable":true,"href":"https:\/\/dkas.si\/en\/wp-json\/wp\/v2\/comments?post=1676"}],"version-history":[{"count":1,"href":"https:\/\/dkas.si\/en\/wp-json\/wp\/v2\/pages\/1676\/revisions"}],"predecessor-version":[{"id":1699,"href":"https:\/\/dkas.si\/en\/wp-json\/wp\/v2\/pages\/1676\/revisions\/1699"}],"up":[{"embeddable":true,"href":"https:\/\/dkas.si\/en\/wp-json\/wp\/v2\/pages\/185"}],"wp:attachment":[{"href":"https:\/\/dkas.si\/en\/wp-json\/wp\/v2\/media?parent=1676"}],"curies":[{"name":"wp","href":"https:\/\/api.w.org\/{rel}","templated":true}]}}