{"id":1565,"date":"2025-09-30T20:51:52","date_gmt":"2025-09-30T18:51:52","guid":{"rendered":"https:\/\/newdkas.wpm.hehe.si\/?page_id=1565"},"modified":"2025-09-30T20:51:52","modified_gmt":"2025-09-30T18:51:52","slug":"praznovanje-25-letnice-drustva-o-trajnostnem-turizmu-in-krajinski-politiki-slovenije","status":"publish","type":"page","link":"https:\/\/dkas.si\/fr\/praznovanje-25-letnice-drustva-o-trajnostnem-turizmu-in-krajinski-politiki-slovenije\/","title":{"rendered":"Praznovanje 25-letnice dru\u0161tva: O trajnostnem turizmu in Krajinski politiki Slovenije"},"content":{"rendered":"<h2>Praznovanje 25-letnice dru\u0161tva: O trajnostnem turizmu in Krajinski politiki Slovenije<\/h2>\n<p>Krajinski arhitekti Slovenije smo 25 let delovanja dru\u0161tva praznovali v Lendavi, 20. oktobra 2017, na dan, ki ga je Svet Evrope letos prvi\u010d dolo\u010dil za mednarodni dan krajine. Sre\u010danje je potekalo v dvorani Kulturnega centra Lendava v ve\u010d sklopih (plakat; podroben program).<\/p>\n<p>Dopoldanski del je bil namenjen strokovnemu posvetu z naslovom TRAJNOSTNI TURIZEM IN KRAJINSKO NA\u010cRTOVANJE, na katerem je dvanajst predavateljev (Robert Recek, Mojca Golobi\u010d, Ljiljana Tubi\u0107, Oliver Rathsch\u00fcler, Simona Kaligari\u010d in Andrej Grmov\u0161ek, Jelka Hudoklin, Tina Trampu\u0161, Petra Krajner, Eva Harmel, Nika Dolenc, Luka Javornik in Peter Li\u010den ter \u010crt Just in Manuel Kuran) predstavilo primere iz prakse krajinskega in prostorskega na\u010drtovanja za potrebe razvoja turisti\u010dnih dejavnosti. Navzo\u010de sta uvodoma pozdravila dr\u017eavna sekretarka Ministrstva za kmetijstvo, gozdarstvo in prehrano, Tanja Strni\u0161a, in predsednik DKAS, Jo\u017ee Novak. Posvet sta vodili Stanka De\u0161nik in Ina \u0160uklje Erjavec.<\/p>\n<p>Popoldne je bilo namenjeno razpravi o KRAJINSKI POLITIKI SLOVENIJE, ki naj bi kot nadresorski dokument zagotovila kakovostno in celovito urejanje slovenskega prostora ter anga\u017eirala in povezala vse, ki lahko na razli\u010dnih podro\u010djih svojega delovanja prispevajo k na\u010drtovanju, varstvu in upravljanju slovenskih krajin. Okroglo mizo je vodila Maja Simoneti, v pogovoru pa so sodelovali: Nata\u0161a Bratina, Mojca Golobi\u010d, Jelka Hudoklin, Izidor Jerala, Ana Ku\u010dan, Ale\u0161 Mlakar, Tina Trampu\u0161 in Stanka De\u0161nik ter celoten avditorij (ve\u010d\u2026 poziv3). Uvodne misli k razpravi je prispeval Ivan Janez Maru\u0161i\u010d, njegovo pozdravno pismo je kot izhodi\u0161\u010de k okrogli mizi prebrala Petra Vertelj Nared (nagovor Janez Maru\u0161i\u010d).<\/p>\n<p>V preddverju Kulturne dvorane je bilo zve\u010der odprtje razstave fotografskega nate\u010daja OBLIKOVANE KRAJINE ter podelitev nagrad in priznanj za najbolj\u0161e fotografije z motivi izvedenih ureditev krajinskih arhitektov v Sloveniji. Nagrade so prejeli: Sa\u0161o Ko\u010devar (1. nagrada), Luka Vidic (2., 3. nagrada), priznanja pa Ana Tepina, Luka Vidic in Sa\u0161o Ko\u010devar (ve\u010d\u2026 nagrajene fotografije5A). Dogodek je vodila Suzana Simi\u010d, slavnostna govornica je bila vodja nate\u010dajne \u017eirije, Emina Djuki\u0107, docentka na Akademiji za likovno umetnost in oblikovanje Univerze v Ljubljani. Nagrade in priznanja je podelil Davorin Gazvoda, prodekan BF, Univerze v Ljubljani. Razstavo je z nagovorom odprla Barbara Mlakar iz Ministrstva za kulturo, Direktorat za kulturno dedi\u0161\u010dino (uvodni plakat z razstave); (vse razstavljene fotografije5C).<\/p>\n<p>Sledila je slavnostna akademija in podelitev nagrad in priznanj dru\u0161tva za DOSE\u017dKE KRAJINSKIH ARHITEKTOV. Zbrane so nagovorili: \u017eupan ob\u010dine Lendava Anton Bala\u017eek, ministrica RS za okolje in prostor Irena Majcen, Barbara Mlakar v imenu ministra za kulturo Antona Per\u0161aka, nekdanji minister Pavel Gantar, predstavnica Udru\u017eenja pejsa\u017enih arhitekata Srbije Ljiljana Tubi\u010d, predstavnica Dru\u0161tva krajobraznih arhitekata Hrvatske Andrea Knez in aktualni predsednik DKAS, Jo\u017ee Novak. Slavnostni govornik je bil prodekan Biotehni\u0161ke fakultete Davorin Gazvoda (govor). V jubilejnem letu sta priznanje za prispevek k razvoju stroke, delovanju dru\u0161tva in strokovne dose\u017eke prejela: Jelka Hudoklin in Ale\u0161 Mlakar; nagrade za \u017eivljenjsko delo pa: Alenka Kol\u0161ek (posthumno, nagrado je prevzela Milana Klemen, predsednica delovne komisije krajinskih arhitektov konservatorjev, ki deluje v okviru Zavoda za varstvo kulturne dedi\u0161\u010dine Slovenije) ter profesorja Nikolaja Kravanja in Aleksander \u0160iftar (obrazlo\u017eitev).<br \/>\nOb koncu slavnostne akademije se je aktualni upravni odbor in predsednik DKAS Jo\u017ee Novak zahvalil predsednikom in \u010dlanom upravnih odborov, ki so vodili in delovali v dru\u0161tvu v obdobju 25 let.<\/p>\n<p>Naslednji dan, 21. oktobra 2017, smo se odpravili na potep po Prekmurju ter obiskali grad Grad v Krajinskem parku Gori\u010dko, Bukovni\u0161ko jezero, kjer nas je gostil \u017eupan ob\u010dine Dobrovnik Marjan Kardinar, ogledali smo si razstavo BIO25 &lsquo;Tako dale\u010d, tako blizu&rsquo; v Genterovcih, \u017eidovsko pokopali\u0161\u010de v Dolgi vasi ter se za zaklju\u010dek povzpeli na razgledni stolp Vinarium v Dolgova\u0161kih Goricah.<\/p>\n<p>Zahvaljujemo se vsem gostom, predavateljem, udele\u017eencem in organizatorjem dogodkov ter vsem, ki so omogo\u010dili izvedbo praznovanja 25 letnice DKAS v Lendavi.<\/p>\n<p>Stanka De\u0161nik, Sa\u0161a Piano, Petra Vertelj Nared<\/p>\n<p>Organizacija dogodkov: Stanka De\u0161nik, Sa\u0161a Piano, Petra Vertelj Nared, Jo\u017ee Novak, Blanka Bartol, Suzana Simi\u010d, Maja Simoneti, Ina \u0160uklje Erjavec, Luka Vidic.<br \/>\nOblikovanje: Julijana \u0160umi\u010d, Tina Verbi\u010d, Sergej Hiti.<br \/>\nFotografiranje in snemanje: Du\u0161an Stupar, Tanja Murko, Stanka De\u0161nik, Gaj Levi\u010d.<br \/>\nFotografije na uvodnih plakatih: Luka Vidic.<br \/>\nPomo\u010d pri organizaciji: Vesna Kithhiya, Klementina Tement, Lucija Gritli.<\/p>\n<p>Dogodke so denarno ali materialno omogo\u010dili:<br \/>\nOb\u010dina Lendava, Ob\u010dina Dobrovnik, Atriva d.o.o. Radlje ob Dravi, Knauf Insulation d.o.o. \u0160kofja Loka, Ziegler Studio d.o.o. \u0160kofljica, ACO gradbeni elementi, zastopanje d.o.o. \u0160marje pri Jel\u0161ah, Cona Plus &#8211; urbana oprema in igrala d.o.o. Celje, LUZ d.d. Ljubljana, Acer Novo mesto d.o.o. Novo mesto, Razvojni center Planiranje d.o.o. Celje, Krajinski park Gori\u010dko, Vrtnarstvo Tement d.o.o. Spodnji Duplek, Paradajz d.o.o. Turni\u0161\u010de in ZEU &#8211; Dru\u017eba za na\u010drtovanje in in\u017eeniring d.o.o. Murska Sobota (sponzorji).<\/p>\n<p>Objave v medijih:<br \/>\n<a href=\"http:\/\/4d.rtvslo.si\/arhiv\/slovenska-kronika\/174497930\">http:\/\/4d.rtvslo.si\/arhiv\/slovenska-kronika\/174497930<\/a><br \/>\n<a href=\"http:\/\/www.pomurje.si\/%E2%80%A6\/dr-aleksander-siftar-z-najvisjim-p%E2%80%A6\/\">http:\/\/www.pomurje.si\/\u2026\/dr-aleksander-siftar-z-najvisjim-p\u2026\/<\/a><br \/>\n<a href=\"http:\/\/4d.rtvslo.si\/arhiv\/mostovi-hidak\/174498792\">http:\/\/4d.rtvslo.si\/arhiv\/mostovi-hidak\/174498792<\/a>\u00a0(od 10.30 minute dalje)<br \/>\n<a href=\"https:\/\/www.youtube.com\/watch?v=ZofoF_zBA20\">https:\/\/www.youtube.com\/watch?v=ZofoF_zBA20<\/a><br \/>\n<a href=\"https:\/\/www.youtube.com\/watch?v=Q4J3zYmz_hQ\">https:\/\/www.youtube.com\/watch?v=Q4J3zYmz_hQ<\/a>\u00a0(od 12:10 minute dalje)<br \/>\n<a href=\"http:\/\/4d.rtvslo.si\/arhiv\/po-sloveniji\/174503885,\">http:\/\/4d.rtvslo.si\/arhiv\/po-sloveniji\/174503885,<\/a>\u00a0Po Sloveniji (od 12:50 minute dalje)<br \/>\n<a href=\"http:\/\/www.mop.gov.si\/si\/medijsko_sredisce\/novica\/article\/1328\/7822\/\">http:\/\/www.mop.gov.si\/si\/medijsko_sredisce\/novica\/article\/1328\/7822\/<\/a><\/p>\n<p>Vestnik: intervju s predsednikom DKAS, Jo\u017eetom Novakom<\/p>\n","protected":false},"excerpt":{"rendered":"<p>Praznovanje 25-letnice dru\u0161tva: O trajnostnem turizmu in Krajinski politiki Slovenije Krajinski arhitekti Slovenije smo 25 let delovanja dru\u0161tva praznovali v Lendavi, 20. oktobra 2017, na dan, ki ga je Svet Evrope letos prvi\u010d dolo\u010dil za mednarodni dan krajine. Sre\u010danje je potekalo v dvorani Kulturnega centra Lendava v ve\u010d sklopih (plakat; podroben program). Dopoldanski del je [&hellip;]<\/p>\n","protected":false},"author":5,"featured_media":1570,"parent":0,"menu_order":0,"comment_status":"closed","ping_status":"closed","template":"","meta":{"footnotes":""},"class_list":["post-1565","page","type-page","status-publish","has-post-thumbnail","hentry"],"_links":{"self":[{"href":"https:\/\/dkas.si\/fr\/wp-json\/wp\/v2\/pages\/1565","targetHints":{"allow":["GET"]}}],"collection":[{"href":"https:\/\/dkas.si\/fr\/wp-json\/wp\/v2\/pages"}],"about":[{"href":"https:\/\/dkas.si\/fr\/wp-json\/wp\/v2\/types\/page"}],"author":[{"embeddable":true,"href":"https:\/\/dkas.si\/fr\/wp-json\/wp\/v2\/users\/5"}],"replies":[{"embeddable":true,"href":"https:\/\/dkas.si\/fr\/wp-json\/wp\/v2\/comments?post=1565"}],"version-history":[{"count":4,"href":"https:\/\/dkas.si\/fr\/wp-json\/wp\/v2\/pages\/1565\/revisions"}],"predecessor-version":[{"id":2629,"href":"https:\/\/dkas.si\/fr\/wp-json\/wp\/v2\/pages\/1565\/revisions\/2629"}],"wp:featuredmedia":[{"embeddable":true,"href":"https:\/\/dkas.si\/fr\/wp-json\/wp\/v2\/media\/1570"}],"wp:attachment":[{"href":"https:\/\/dkas.si\/fr\/wp-json\/wp\/v2\/media?parent=1565"}],"curies":[{"name":"wp","href":"https:\/\/api.w.org\/{rel}","templated":true}]}}