{"id":185,"date":"2024-11-12T14:40:56","date_gmt":"2024-11-12T13:40:56","guid":{"rendered":"https:\/\/newdkas.wpm.hehe.si\/?page_id=185"},"modified":"2025-10-07T21:58:25","modified_gmt":"2025-10-07T19:58:25","slug":"posveti-in-konference","status":"publish","type":"page","link":"https:\/\/dkas.si\/fr\/aktivnosti\/posveti-in-konference\/","title":{"rendered":"Posveti in konference"},"content":{"rendered":"<h2>Posveti, konference, okrogle mize<\/h2>\n<p><a href=\"https:\/\/dkas.si\/projekti-in-publikacije\/projekti\/mesto-dreves\/\" target=\"_blank\" rel=\"noopener\"><img loading=\"lazy\" decoding=\"async\" class=\"alignnone wp-image-1437 size-medium\" src=\"https:\/\/dkas.si\/wp-content\/uploads\/2025\/09\/MD_naslovnica-300x300.jpg\" alt=\"\" width=\"300\" height=\"300\" srcset=\"https:\/\/dkas.si\/wp-content\/uploads\/2025\/09\/MD_naslovnica-300x300.jpg 300w, https:\/\/dkas.si\/wp-content\/uploads\/2025\/09\/MD_naslovnica-1024x1024.jpg 1024w, https:\/\/dkas.si\/wp-content\/uploads\/2025\/09\/MD_naslovnica-150x150.jpg 150w, https:\/\/dkas.si\/wp-content\/uploads\/2025\/09\/MD_naslovnica-768x768.jpg 768w, https:\/\/dkas.si\/wp-content\/uploads\/2025\/09\/MD_naslovnica-1536x1536.jpg 1536w, https:\/\/dkas.si\/wp-content\/uploads\/2025\/09\/MD_naslovnica-2048x2048.jpg 2048w\" sizes=\"auto, (max-width: 300px) 100vw, 300px\" \/><\/a><\/p>\n<p><a href=\"https:\/\/dkas.si\/projekti-in-publikacije\/projekti\/mesto-dreves\/\"><strong>Mesto dreves: evidenca dreves kot orodje za upravljanje in komunikacijo<\/strong><\/a><br \/>\nokrogla miza, 21. november 2023<br \/>\nHi\u0161a arhitekture, Ljubljana<\/p>\n<p><a href=\"https:\/\/dkas.si\/aktivnosti\/posveti-in-konference\/krajinska-zasnova-za-zeleni-prehod\/\" target=\"_blank\" rel=\"noopener\"><img loading=\"lazy\" decoding=\"async\" class=\"wp-image-1450 size-medium alignnone\" src=\"https:\/\/dkas.si\/wp-content\/uploads\/2025\/09\/KZ-1-300x300.jpg\" alt=\"\" width=\"300\" height=\"300\" srcset=\"https:\/\/dkas.si\/wp-content\/uploads\/2025\/09\/KZ-1-300x300.jpg 300w, https:\/\/dkas.si\/wp-content\/uploads\/2025\/09\/KZ-1-1024x1024.jpg 1024w, https:\/\/dkas.si\/wp-content\/uploads\/2025\/09\/KZ-1-150x150.jpg 150w, https:\/\/dkas.si\/wp-content\/uploads\/2025\/09\/KZ-1-768x768.jpg 768w, https:\/\/dkas.si\/wp-content\/uploads\/2025\/09\/KZ-1-1536x1536.jpg 1536w, https:\/\/dkas.si\/wp-content\/uploads\/2025\/09\/KZ-1.jpg 1772w\" sizes=\"auto, (max-width: 300px) 100vw, 300px\" \/><\/a><\/p>\n<p><a href=\"https:\/\/dkas.si\/aktivnosti\/posveti-in-konference\/krajinska-zasnova-za-zeleni-prehod\/\"><strong>Krajinska zasnova za zeleni prehod<\/strong><\/a><br \/>\nposvet, 18. maj 2022<br \/>\nUrbanisti\u010dni in\u0161titut RS, Ljubljana in po spletu<\/p>\n<p><a href=\"https:\/\/dkas.si\/aktivnosti\/posveti-in-konference\/hladna-mesta-za-vroc-planet-2021\/\" target=\"_blank\" rel=\"noopener\"><img loading=\"lazy\" decoding=\"async\" class=\"wp-image-1480 size-medium alignnone\" src=\"https:\/\/dkas.si\/wp-content\/uploads\/2025\/09\/HMzaVPSLO-1-300x300.jpg\" alt=\"\" width=\"300\" height=\"300\" srcset=\"https:\/\/dkas.si\/wp-content\/uploads\/2025\/09\/HMzaVPSLO-1-300x300.jpg 300w, https:\/\/dkas.si\/wp-content\/uploads\/2025\/09\/HMzaVPSLO-1-1024x1024.jpg 1024w, https:\/\/dkas.si\/wp-content\/uploads\/2025\/09\/HMzaVPSLO-1-150x150.jpg 150w, https:\/\/dkas.si\/wp-content\/uploads\/2025\/09\/HMzaVPSLO-1-768x768.jpg 768w, https:\/\/dkas.si\/wp-content\/uploads\/2025\/09\/HMzaVPSLO-1-1536x1536.jpg 1536w, https:\/\/dkas.si\/wp-content\/uploads\/2025\/09\/HMzaVPSLO-1-2048x2048.jpg 2048w\" sizes=\"auto, (max-width: 300px) 100vw, 300px\" \/><\/a><\/p>\n<p><strong><a href=\"https:\/\/dkas.si\/aktivnosti\/posveti-in-konference\/hladna-mesta-za-vroc-planet-2021\/\">Hladna mesta za vro\u010d planet 2021: na\u010drtovanje na podnebne spremembe odpornega mesta<\/a><\/strong><br \/>\nposvet, 5. oktober 2021<br \/>\npo spletu<\/p>\n<p><a href=\"https:\/\/dkas.si\/?page_id=1503&amp;preview=true\"><img loading=\"lazy\" decoding=\"async\" class=\"alignnone size-medium wp-image-1501\" src=\"https:\/\/dkas.si\/wp-content\/uploads\/2025\/09\/HMVP20_sl-300x300.jpg\" alt=\"\" width=\"300\" height=\"300\" srcset=\"https:\/\/dkas.si\/wp-content\/uploads\/2025\/09\/HMVP20_sl-300x300.jpg 300w, https:\/\/dkas.si\/wp-content\/uploads\/2025\/09\/HMVP20_sl-1024x1024.jpg 1024w, https:\/\/dkas.si\/wp-content\/uploads\/2025\/09\/HMVP20_sl-150x150.jpg 150w, https:\/\/dkas.si\/wp-content\/uploads\/2025\/09\/HMVP20_sl-768x768.jpg 768w, https:\/\/dkas.si\/wp-content\/uploads\/2025\/09\/HMVP20_sl-1536x1536.jpg 1536w, https:\/\/dkas.si\/wp-content\/uploads\/2025\/09\/HMVP20_sl.jpg 1600w\" sizes=\"auto, (max-width: 300px) 100vw, 300px\" \/><\/a><\/p>\n<p><strong><a href=\"https:\/\/dkas.si\/?page_id=1503&amp;preview=true\">Hladna mesta za vro\u010d planet 2020: pomen prilagajanja na podnebne spremembe v urbanih obmo\u010djih<\/a><\/strong><br \/>\nposvet, 15. oktober 2020<br \/>\npo spletu<\/p>\n<p><a href=\"https:\/\/dkas.si\/aktivnosti\/posveti-in-konference\/misliti-tivoli-posvet-o-izzivih-celovitega-upravljanja-mestnega-parka\/\"><img loading=\"lazy\" decoding=\"async\" class=\"alignnone size-medium wp-image-1522\" src=\"https:\/\/dkas.si\/wp-content\/uploads\/2025\/09\/Zbornik_01-297x300.jpg\" alt=\"\" width=\"297\" height=\"300\" srcset=\"https:\/\/dkas.si\/wp-content\/uploads\/2025\/09\/Zbornik_01-297x300.jpg 297w, https:\/\/dkas.si\/wp-content\/uploads\/2025\/09\/Zbornik_01-768x776.jpg 768w, https:\/\/dkas.si\/wp-content\/uploads\/2025\/09\/Zbornik_01.jpg 790w\" sizes=\"auto, (max-width: 297px) 100vw, 297px\" \/><\/a><\/p>\n<p><strong><a href=\"https:\/\/dkas.si\/aktivnosti\/posveti-in-konference\/misliti-tivoli-posvet-o-izzivih-celovitega-upravljanja-mestnega-parka\/\">Misliti Tivoli &#8211; posvet o izzivih celovitega upravljanja mestnega parka<\/a><\/strong><br \/>\nposvet, 12. oktober 2018<br \/>\nTivoli, Ljubljana<\/p>\n<p><a href=\"https:\/\/dkas.si\/praznovanje-25-letnice-drustva-o-trajnostnem-turizmu-in-krajinski-politiki-slovenije\/\"><img loading=\"lazy\" decoding=\"async\" class=\"alignnone wp-image-1560 size-full\" src=\"https:\/\/dkas.si\/wp-content\/uploads\/2025\/09\/prikazna_300x300-e1759523633459.jpg\" alt=\"\" width=\"300\" height=\"206\" \/><\/a><\/p>\n<p><strong><a href=\"https:\/\/dkas.si\/praznovanje-25-letnice-drustva-o-trajnostnem-turizmu-in-krajinski-politiki-slovenije\/\">Praznovanje 25-letnice dru\u0161tva: O trajnostnem turizmu in Krajinski politiki Slovenije<\/a><\/strong><br \/>\nposvet, 20. oktober 2017<br \/>\nKulturni center Lendava, Lendava<\/p>\n<p><a href=\"https:\/\/dkas.si\/aktivnosti\/posveti-in-konference\/slovenska-krajina-pred-izzivi-prihodnosti\/\" target=\"_blank\" rel=\"noopener\"><img loading=\"lazy\" decoding=\"async\" class=\"alignnone wp-image-1627 size-medium\" src=\"https:\/\/dkas.si\/wp-content\/uploads\/2025\/09\/izzivi17-300x250.jpg\" alt=\"\" width=\"300\" height=\"250\" srcset=\"https:\/\/dkas.si\/wp-content\/uploads\/2025\/09\/izzivi17-300x250.jpg 300w, https:\/\/dkas.si\/wp-content\/uploads\/2025\/09\/izzivi17.jpg 528w\" sizes=\"auto, (max-width: 300px) 100vw, 300px\" \/><\/a><\/p>\n<p><a href=\"https:\/\/dkas.si\/aktivnosti\/posveti-in-konference\/slovenska-krajina-pred-izzivi-prihodnosti\/\"><strong>Slovenska krajina pred izzivi prihodnosti<\/strong><\/a><br \/>\nposvet, 7. april 2017<br \/>\nOddelek za krajinsko arhitekturo Biotehni\u0161ke fakultete UL, Ljubljana<\/p>\n<p><a href=\"https:\/\/dkas.si\/?page_id=1676&amp;preview=true\" target=\"_blank\" rel=\"noopener\"><img loading=\"lazy\" decoding=\"async\" class=\"alignnone wp-image-1674 size-medium\" src=\"https:\/\/dkas.si\/wp-content\/uploads\/2025\/09\/2016Lj-300x230.jpg\" alt=\"\" width=\"300\" height=\"230\" srcset=\"https:\/\/dkas.si\/wp-content\/uploads\/2025\/09\/2016Lj-300x230.jpg 300w, https:\/\/dkas.si\/wp-content\/uploads\/2025\/09\/2016Lj.jpg 650w\" sizes=\"auto, (max-width: 300px) 100vw, 300px\" \/><\/a><\/p>\n<p><a href=\"https:\/\/dkas.si\/?page_id=1676&amp;preview=true\"><strong>Strokovni voden ogled po Ljubljani, sre\u010danje Krajina-Krajobraz-Pejza\u017e<\/strong><\/a><br \/>\nvodeni ogled, 16. maj 2016<br \/>\nLjubljana<\/p>\n<p><a href=\"https:\/\/dkas.si\/aktivnosti\/posveti-in-konference\/mednarodna-konferenca-zelena-infrastruktura\/\" target=\"_blank\" rel=\"noopener\"><img loading=\"lazy\" decoding=\"async\" class=\"alignnone wp-image-1739 size-medium\" src=\"https:\/\/dkas.si\/wp-content\/uploads\/2025\/10\/ZI-11-300x283.jpg\" alt=\"\" width=\"300\" height=\"283\" srcset=\"https:\/\/dkas.si\/wp-content\/uploads\/2025\/10\/ZI-11-300x283.jpg 300w, https:\/\/dkas.si\/wp-content\/uploads\/2025\/10\/ZI-11-1024x964.jpg 1024w, https:\/\/dkas.si\/wp-content\/uploads\/2025\/10\/ZI-11-768x723.jpg 768w, https:\/\/dkas.si\/wp-content\/uploads\/2025\/10\/ZI-11-1536x1446.jpg 1536w, https:\/\/dkas.si\/wp-content\/uploads\/2025\/10\/ZI-11.jpg 1956w\" sizes=\"auto, (max-width: 300px) 100vw, 300px\" \/><\/a><\/p>\n<p><strong><a href=\"https:\/\/dkas.si\/mednarodna-konferenca-zelena-infrastruktura\/\">Mednarodna konferenca Zelena infrastruktura<\/a><br \/>\n<\/strong>konferenca, 17. maj 2016<br \/>\nLjubljanski grad, Ljubljana<\/p>\n<p><a href=\"https:\/\/dkas.si\/aktivnosti\/posveti-in-konference\/podezelska-krajina-kot-razvojni-potencial\/\" target=\"_blank\" rel=\"noopener\"><img loading=\"lazy\" decoding=\"async\" class=\"alignnone wp-image-1747 size-medium\" src=\"https:\/\/dkas.si\/wp-content\/uploads\/2025\/10\/PKRP_1s-300x279.jpg\" alt=\"\" width=\"300\" height=\"279\" srcset=\"https:\/\/dkas.si\/wp-content\/uploads\/2025\/10\/PKRP_1s-300x279.jpg 300w, https:\/\/dkas.si\/wp-content\/uploads\/2025\/10\/PKRP_1s.jpg 380w\" sizes=\"auto, (max-width: 300px) 100vw, 300px\" \/><\/a><\/p>\n<p><a href=\"https:\/\/dkas.si\/aktivnosti\/posveti-in-konference\/podezelska-krajina-kot-razvojni-potencial\/\"><strong>Pode\u017eelska krajina kot razvojni potencial<\/strong><\/a><br \/>\nposvet, 18. april 2013<br \/>\nMuzej za arhitekturo in oblikovanje, Ljubljana<\/p>\n<p><a href=\"https:\/\/dkas.si\/aktivnosti\/posveti-in-konference\/okrogla-miza-o-strokovni-literaturi-s-podrocja-urejanja-prostora\/\" target=\"_blank\" rel=\"noopener\"><img loading=\"lazy\" decoding=\"async\" class=\"alignnone wp-image-590 size-medium\" src=\"https:\/\/dkas.si\/wp-content\/uploads\/2025\/04\/fb-profilna-e1759523454886-300x179.jpg\" alt=\"\" width=\"300\" height=\"179\" srcset=\"https:\/\/dkas.si\/wp-content\/uploads\/2025\/04\/fb-profilna-e1759523454886-300x179.jpg 300w, https:\/\/dkas.si\/wp-content\/uploads\/2025\/04\/fb-profilna-e1759523454886.jpg 350w\" sizes=\"auto, (max-width: 300px) 100vw, 300px\" \/><\/a><\/p>\n<p><strong><a href=\"https:\/\/dkas.si\/aktivnosti\/posveti-in-konference\/okrogla-miza-o-strokovni-literaturi-s-podrocja-urejanja-prostora\/\">Okrogla miza o strokovni literaturi s podro\u010dja urejanja prostora<\/a><br \/>\n<\/strong>okrogla miza, 18. april 2011<br \/>\nLjubljana<\/p>\n<p><a href=\"https:\/\/dkas.si\/?page_id=1769&amp;preview=true\" target=\"_blank\" rel=\"noopener\"><img loading=\"lazy\" decoding=\"async\" class=\"alignnone wp-image-1767 size-medium\" src=\"https:\/\/dkas.si\/wp-content\/uploads\/2025\/10\/POS1-1-300x300.jpg\" alt=\"\" width=\"300\" height=\"300\" srcset=\"https:\/\/dkas.si\/wp-content\/uploads\/2025\/10\/POS1-1-300x300.jpg 300w, https:\/\/dkas.si\/wp-content\/uploads\/2025\/10\/POS1-1-1024x1024.jpg 1024w, https:\/\/dkas.si\/wp-content\/uploads\/2025\/10\/POS1-1-150x150.jpg 150w, https:\/\/dkas.si\/wp-content\/uploads\/2025\/10\/POS1-1-768x768.jpg 768w, https:\/\/dkas.si\/wp-content\/uploads\/2025\/10\/POS1-1-1536x1536.jpg 1536w, https:\/\/dkas.si\/wp-content\/uploads\/2025\/10\/POS1-1-2048x2048.jpg 2048w\" sizes=\"auto, (max-width: 300px) 100vw, 300px\" \/><\/a><\/p>\n<p><strong><a href=\"https:\/\/dkas.si\/?page_id=1769&amp;preview=true\">Odprt javni prostor \/ Public open space<\/a><br \/>\n<\/strong>mednarodna konferenca, 10. &#8211; 11. april, 2008<br \/>\nLjubljana<\/p>\n<p><a href=\"https:\/\/dkas.si\/aktivnosti\/posveti-in-konference\/okrogla-miza-odprt-javni-prostor-public-open-space\/\" target=\"_blank\" rel=\"noopener\"><img loading=\"lazy\" decoding=\"async\" class=\"alignnone wp-image-2122 size-medium\" src=\"https:\/\/dkas.si\/wp-content\/uploads\/2025\/10\/POS2-1-300x147.jpg\" alt=\"\" width=\"300\" height=\"147\" srcset=\"https:\/\/dkas.si\/wp-content\/uploads\/2025\/10\/POS2-1-300x147.jpg 300w, https:\/\/dkas.si\/wp-content\/uploads\/2025\/10\/POS2-1.jpg 720w\" sizes=\"auto, (max-width: 300px) 100vw, 300px\" \/><\/a><\/p>\n<p><strong><a href=\"https:\/\/dkas.si\/aktivnosti\/posveti-in-konference\/okrogla-miza-odprt-javni-prostor-public-open-space\/\">Okrogla miza Odprt javni prostor \/ Public open space<\/a><br \/>\n<\/strong>okrogla miza, 11. april 2008<br \/>\nLjubljana<\/p>\n<p><a href=\"https:\/\/dkas.si\/aktivnosti\/posveti-in-konference\/strokovne-podlage\/\" target=\"_blank\" rel=\"noopener\"><img loading=\"lazy\" decoding=\"async\" class=\"alignnone wp-image-1778 size-medium\" src=\"https:\/\/dkas.si\/wp-content\/uploads\/2025\/10\/Strokovne-p-1-300x300.jpg\" alt=\"\" width=\"300\" height=\"300\" srcset=\"https:\/\/dkas.si\/wp-content\/uploads\/2025\/10\/Strokovne-p-1-300x300.jpg 300w, https:\/\/dkas.si\/wp-content\/uploads\/2025\/10\/Strokovne-p-1-150x150.jpg 150w, https:\/\/dkas.si\/wp-content\/uploads\/2025\/10\/Strokovne-p-1.jpg 336w\" sizes=\"auto, (max-width: 300px) 100vw, 300px\" \/><\/a><\/p>\n<p><a href=\"https:\/\/dkas.si\/aktivnosti\/posveti-in-konference\/strokovne-podlage\/\"><strong>Strokovne podlage: Pomen strokovnih podlag pri pripravi prostorskih aktov<\/strong><\/a><br \/>\nposvet, 2005<br \/>\nLjubljana<\/p>\n<p><a href=\"https:\/\/dkas.si\/aktivnosti\/posveti-in-konference\/krajinska-arhitektura-med-danes-in-jutri\/\" target=\"_blank\" rel=\"noopener\"><img loading=\"lazy\" decoding=\"async\" class=\"alignnone wp-image-1791 size-medium\" src=\"https:\/\/dkas.si\/wp-content\/uploads\/2025\/10\/KA-danes-jutri_1-300x300.jpg\" alt=\"\" width=\"300\" height=\"300\" srcset=\"https:\/\/dkas.si\/wp-content\/uploads\/2025\/10\/KA-danes-jutri_1-300x300.jpg 300w, https:\/\/dkas.si\/wp-content\/uploads\/2025\/10\/KA-danes-jutri_1-1024x1024.jpg 1024w, https:\/\/dkas.si\/wp-content\/uploads\/2025\/10\/KA-danes-jutri_1-150x150.jpg 150w, https:\/\/dkas.si\/wp-content\/uploads\/2025\/10\/KA-danes-jutri_1-768x768.jpg 768w, https:\/\/dkas.si\/wp-content\/uploads\/2025\/10\/KA-danes-jutri_1-1536x1536.jpg 1536w, https:\/\/dkas.si\/wp-content\/uploads\/2025\/10\/KA-danes-jutri_1-2048x2048.jpg 2048w\" sizes=\"auto, (max-width: 300px) 100vw, 300px\" \/><\/a><\/p>\n<p><a href=\"https:\/\/dkas.si\/aktivnosti\/posveti-in-konference\/krajinska-arhitektura-med-danes-in-jutri\/\"><strong>Krajinska arhitektura med danes in jutri<\/strong><\/a><br \/>\nstrokovna konferenca, oktober 2004<br \/>\nLjubljana<\/p>\n<p><a href=\"https:\/\/dkas.si\/aktivnosti\/posveti-in-konference\/pogledi-v-prihodnost\/\" target=\"_blank\" rel=\"noopener\"><img loading=\"lazy\" decoding=\"async\" class=\"alignnone wp-image-2113 size-medium\" src=\"https:\/\/dkas.si\/wp-content\/uploads\/2025\/10\/vabilo_2004_L-300x147.jpg\" alt=\"\" width=\"300\" height=\"147\" srcset=\"https:\/\/dkas.si\/wp-content\/uploads\/2025\/10\/vabilo_2004_L-300x147.jpg 300w, https:\/\/dkas.si\/wp-content\/uploads\/2025\/10\/vabilo_2004_L.jpg 720w\" sizes=\"auto, (max-width: 300px) 100vw, 300px\" \/><\/a><\/p>\n<p><strong><a href=\"https:\/\/dkas.si\/aktivnosti\/posveti-in-konference\/pogledi-v-prihodnost\/\">Pogledi v prihodnost<\/a><\/strong><br \/>\nokrogla miza, 13. januar 2004<br \/>\nLjubljana<\/p>\n<p><a href=\"https:\/\/dkas.si\/aktivnosti\/posveti-in-konference\/globalscape\/\" target=\"_blank\" rel=\"noopener\"><img loading=\"lazy\" decoding=\"async\" class=\"alignnone wp-image-1801 size-medium\" src=\"https:\/\/dkas.si\/wp-content\/uploads\/2025\/10\/GlobalscapeZbornik2002-1-300x300.jpg\" alt=\"\" width=\"300\" height=\"300\" srcset=\"https:\/\/dkas.si\/wp-content\/uploads\/2025\/10\/GlobalscapeZbornik2002-1-300x300.jpg 300w, https:\/\/dkas.si\/wp-content\/uploads\/2025\/10\/GlobalscapeZbornik2002-1-150x150.jpg 150w, https:\/\/dkas.si\/wp-content\/uploads\/2025\/10\/GlobalscapeZbornik2002-1-768x768.jpg 768w, https:\/\/dkas.si\/wp-content\/uploads\/2025\/10\/GlobalscapeZbornik2002-1.jpg 871w\" sizes=\"auto, (max-width: 300px) 100vw, 300px\" \/><\/a><\/p>\n<p class=\"title\"><a href=\"https:\/\/dkas.si\/aktivnosti\/posveti-in-konference\/globalscape\/\"><strong>Globalscape &#8211; Infernational conference on landscape planning: Landscape planning in the era of globalisation<\/strong><\/a><br \/>\nmednarodna znanstvena konferenca, 8. &#8211; 10. november, 2002<br \/>\nPortoro\u017e<\/p>\n<p><a href=\"https:\/\/dkas.si\/aktivnosti\/posveti-in-konference\/etika-urejanja-prostora\/\" target=\"_blank\" rel=\"noopener\"><img loading=\"lazy\" decoding=\"async\" class=\"alignnone wp-image-1812 size-medium\" src=\"https:\/\/dkas.si\/wp-content\/uploads\/2025\/10\/Etika_zbornik_2001_1-300x300.jpg\" alt=\"\" width=\"300\" height=\"300\" srcset=\"https:\/\/dkas.si\/wp-content\/uploads\/2025\/10\/Etika_zbornik_2001_1-300x300.jpg 300w, https:\/\/dkas.si\/wp-content\/uploads\/2025\/10\/Etika_zbornik_2001_1-1024x1024.jpg 1024w, https:\/\/dkas.si\/wp-content\/uploads\/2025\/10\/Etika_zbornik_2001_1-150x150.jpg 150w, https:\/\/dkas.si\/wp-content\/uploads\/2025\/10\/Etika_zbornik_2001_1-768x768.jpg 768w, https:\/\/dkas.si\/wp-content\/uploads\/2025\/10\/Etika_zbornik_2001_1-1536x1536.jpg 1536w, https:\/\/dkas.si\/wp-content\/uploads\/2025\/10\/Etika_zbornik_2001_1-2048x2048.jpg 2048w\" sizes=\"auto, (max-width: 300px) 100vw, 300px\" \/><\/a><\/p>\n<p class=\"title\"><a href=\"https:\/\/dkas.si\/aktivnosti\/posveti-in-konference\/etika-urejanja-prostora\/\"><strong>Etika urejanja prostora<\/strong><\/a><br \/>\nkonferenca, oktober 2001<br \/>\nRoga\u0161ka Slatina<\/p>\n<p><a href=\"http:\/\/https:\/\/dkas.si\/aktivnosti\/posveti-in-konference\/narava-v-mestu-med-nacrtovanim-in-spontanim\/\" target=\"_blank\" rel=\"noopener\"><img loading=\"lazy\" decoding=\"async\" class=\"alignnone wp-image-1821 size-medium\" src=\"https:\/\/dkas.si\/wp-content\/uploads\/2025\/10\/Narava-v-mestu-2000-1-1-300x300.jpg\" alt=\"\" width=\"300\" height=\"300\" srcset=\"https:\/\/dkas.si\/wp-content\/uploads\/2025\/10\/Narava-v-mestu-2000-1-1-300x300.jpg 300w, https:\/\/dkas.si\/wp-content\/uploads\/2025\/10\/Narava-v-mestu-2000-1-1-1024x1024.jpg 1024w, https:\/\/dkas.si\/wp-content\/uploads\/2025\/10\/Narava-v-mestu-2000-1-1-150x150.jpg 150w, https:\/\/dkas.si\/wp-content\/uploads\/2025\/10\/Narava-v-mestu-2000-1-1-768x768.jpg 768w, https:\/\/dkas.si\/wp-content\/uploads\/2025\/10\/Narava-v-mestu-2000-1-1-1536x1536.jpg 1536w, https:\/\/dkas.si\/wp-content\/uploads\/2025\/10\/Narava-v-mestu-2000-1-1-2048x2048.jpg 2048w\" sizes=\"auto, (max-width: 300px) 100vw, 300px\" \/><\/a><\/p>\n<p><a href=\"https:\/\/dkas.si\/aktivnosti\/posveti-in-konference\/narava-v-mestu-med-nacrtovanim-in-spontanim\/\"><strong>Narava v mestu \/ med na\u010drtovanim in spontanim<\/strong><\/a><br \/>\nkonferenca, oktober 2000<br \/>\nLjubljana<\/p>\n<p><a href=\"https:\/\/dkas.si\/aktivnosti\/posveti-in-konference\/1834-2\/\" target=\"_blank\" rel=\"noopener\"><img loading=\"lazy\" decoding=\"async\" class=\"alignnone wp-image-1832 size-medium\" src=\"https:\/\/dkas.si\/wp-content\/uploads\/2025\/10\/KkrajinaRV-1-300x300.jpg\" alt=\"\" width=\"300\" height=\"300\" srcset=\"https:\/\/dkas.si\/wp-content\/uploads\/2025\/10\/KkrajinaRV-1-300x300.jpg 300w, https:\/\/dkas.si\/wp-content\/uploads\/2025\/10\/KkrajinaRV-1-1024x1024.jpg 1024w, https:\/\/dkas.si\/wp-content\/uploads\/2025\/10\/KkrajinaRV-1-150x150.jpg 150w, https:\/\/dkas.si\/wp-content\/uploads\/2025\/10\/KkrajinaRV-1-768x768.jpg 768w, https:\/\/dkas.si\/wp-content\/uploads\/2025\/10\/KkrajinaRV-1-1536x1536.jpg 1536w, https:\/\/dkas.si\/wp-content\/uploads\/2025\/10\/KkrajinaRV-1.jpg 1602w\" sizes=\"auto, (max-width: 300px) 100vw, 300px\" \/><\/a><\/p>\n<p class=\"title\"><a href=\"https:\/\/dkas.si\/aktivnosti\/posveti-in-konference\/1834-2\/\"><strong>Kulturna krajina v dinamiki razvoja in varstva<\/strong><\/a><br \/>\nsre\u010danje, november 1999<br \/>\nPortoro\u017e<\/p>\n<p><a href=\"https:\/\/dkas.si\/aktivnosti\/posveti-in-konference\/voda-raba-varovanje-oblikovanje\/\" target=\"_blank\" rel=\"noopener\"><img loading=\"lazy\" decoding=\"async\" class=\"alignnone wp-image-1842 size-medium\" src=\"https:\/\/dkas.si\/wp-content\/uploads\/2025\/10\/Voda_1-300x300.jpg\" alt=\"\" width=\"300\" height=\"300\" srcset=\"https:\/\/dkas.si\/wp-content\/uploads\/2025\/10\/Voda_1-300x300.jpg 300w, https:\/\/dkas.si\/wp-content\/uploads\/2025\/10\/Voda_1-1024x1024.jpg 1024w, https:\/\/dkas.si\/wp-content\/uploads\/2025\/10\/Voda_1-150x150.jpg 150w, https:\/\/dkas.si\/wp-content\/uploads\/2025\/10\/Voda_1-768x768.jpg 768w, https:\/\/dkas.si\/wp-content\/uploads\/2025\/10\/Voda_1-1536x1536.jpg 1536w, https:\/\/dkas.si\/wp-content\/uploads\/2025\/10\/Voda_1-2048x2048.jpg 2048w\" sizes=\"auto, (max-width: 300px) 100vw, 300px\" \/><\/a><\/p>\n<p class=\"title\"><a href=\"https:\/\/dkas.si\/aktivnosti\/posveti-in-konference\/voda-raba-varovanje-oblikovanje\/\"><strong>Voda &#8211; raba, varovanje, oblikovanje<\/strong><\/a><br \/>\nsre\u010danje, november 1998<br \/>\n\u010cate\u017e<\/p>\n<p><a href=\"https:\/\/dkas.si\/aktivnosti\/posveti-in-konference\/presoja-vplivov-na-okolje-kot-nacrtovalski-postopek-za-varstvo-okolja\/\" target=\"_blank\" rel=\"noopener\"><img loading=\"lazy\" decoding=\"async\" class=\"alignnone wp-image-1851 size-medium\" src=\"https:\/\/dkas.si\/wp-content\/uploads\/2025\/10\/PVO-1-300x300.jpg\" alt=\"\" width=\"300\" height=\"300\" srcset=\"https:\/\/dkas.si\/wp-content\/uploads\/2025\/10\/PVO-1-300x300.jpg 300w, https:\/\/dkas.si\/wp-content\/uploads\/2025\/10\/PVO-1-1024x1024.jpg 1024w, https:\/\/dkas.si\/wp-content\/uploads\/2025\/10\/PVO-1-150x150.jpg 150w, https:\/\/dkas.si\/wp-content\/uploads\/2025\/10\/PVO-1-768x768.jpg 768w, https:\/\/dkas.si\/wp-content\/uploads\/2025\/10\/PVO-1-1536x1536.jpg 1536w, https:\/\/dkas.si\/wp-content\/uploads\/2025\/10\/PVO-1-2048x2048.jpg 2048w\" sizes=\"auto, (max-width: 300px) 100vw, 300px\" \/><\/a><\/p>\n<p class=\"title\"><a href=\"https:\/\/dkas.si\/aktivnosti\/posveti-in-konference\/presoja-vplivov-na-okolje-kot-nacrtovalski-postopek-za-varstvo-okolja\/\"><strong>Presoja vplivov na okolje kot na\u010drtovalski postopek za varstvo okolja<\/strong><\/a><br \/>\nsre\u010danje, december 1997<br \/>\nLjubljana<\/p>\n<p><a href=\"https:\/\/dkas.si\/aktivnosti\/posveti-in-konference\/urejanje-odprtega-prostora-v-urbanem-okolju\/\" target=\"_blank\" rel=\"noopener\"><img loading=\"lazy\" decoding=\"async\" class=\"alignnone wp-image-1862 size-medium\" src=\"https:\/\/dkas.si\/wp-content\/uploads\/2025\/10\/UOP_1-300x300.jpg\" alt=\"\" width=\"300\" height=\"300\" srcset=\"https:\/\/dkas.si\/wp-content\/uploads\/2025\/10\/UOP_1-300x300.jpg 300w, https:\/\/dkas.si\/wp-content\/uploads\/2025\/10\/UOP_1-1024x1024.jpg 1024w, https:\/\/dkas.si\/wp-content\/uploads\/2025\/10\/UOP_1-150x150.jpg 150w, https:\/\/dkas.si\/wp-content\/uploads\/2025\/10\/UOP_1-768x768.jpg 768w, https:\/\/dkas.si\/wp-content\/uploads\/2025\/10\/UOP_1-1536x1536.jpg 1536w, https:\/\/dkas.si\/wp-content\/uploads\/2025\/10\/UOP_1-2048x2048.jpg 2048w\" sizes=\"auto, (max-width: 300px) 100vw, 300px\" \/><\/a><\/p>\n<p><a href=\"https:\/\/dkas.si\/aktivnosti\/posveti-in-konference\/urejanje-odprtega-prostora-v-urbanem-okolju\/\"><strong>Urejanje odprtega prostora v urbanem okolju<\/strong><\/a><br \/>\nsre\u010danje, november 1996<br \/>\nLjubljana<\/p>\n<p><a href=\"https:\/\/dkas.si\/aktivnosti\/posveti-in-konference\/degradacije-v-prostoru\/\" target=\"_blank\" rel=\"noopener\"><img loading=\"lazy\" decoding=\"async\" class=\"alignnone wp-image-1871 size-medium\" src=\"https:\/\/dkas.si\/wp-content\/uploads\/2025\/10\/degradacije_1-300x300.jpg\" alt=\"\" width=\"300\" height=\"300\" srcset=\"https:\/\/dkas.si\/wp-content\/uploads\/2025\/10\/degradacije_1-300x300.jpg 300w, https:\/\/dkas.si\/wp-content\/uploads\/2025\/10\/degradacije_1-150x150.jpg 150w, https:\/\/dkas.si\/wp-content\/uploads\/2025\/10\/degradacije_1.jpg 352w\" sizes=\"auto, (max-width: 300px) 100vw, 300px\" \/><\/a><\/p>\n<p><a href=\"https:\/\/dkas.si\/aktivnosti\/posveti-in-konference\/degradacije-v-prostoru\/\">Degradacije v prostoru<\/a><br \/>\nsre\u010danje, 27. in 28. oktober 1995<br \/>\nTopol\u0161ica<\/p>\n<p><a href=\"https:\/\/dkas.si\/aktivnosti\/posveti-in-konference\/aktualna-dejavnost-stroke\/\" target=\"_blank\" rel=\"noopener\"><img loading=\"lazy\" decoding=\"async\" class=\"alignnone wp-image-1880 size-medium\" src=\"https:\/\/dkas.si\/wp-content\/uploads\/2025\/10\/Aktualna-dej_1-300x300.jpg\" alt=\"\" width=\"300\" height=\"300\" srcset=\"https:\/\/dkas.si\/wp-content\/uploads\/2025\/10\/Aktualna-dej_1-300x300.jpg 300w, https:\/\/dkas.si\/wp-content\/uploads\/2025\/10\/Aktualna-dej_1-1024x1024.jpg 1024w, https:\/\/dkas.si\/wp-content\/uploads\/2025\/10\/Aktualna-dej_1-150x150.jpg 150w, https:\/\/dkas.si\/wp-content\/uploads\/2025\/10\/Aktualna-dej_1-768x768.jpg 768w, https:\/\/dkas.si\/wp-content\/uploads\/2025\/10\/Aktualna-dej_1-1536x1536.jpg 1536w, https:\/\/dkas.si\/wp-content\/uploads\/2025\/10\/Aktualna-dej_1-2048x2048.jpg 2048w\" sizes=\"auto, (max-width: 300px) 100vw, 300px\" \/><\/a><\/p>\n<p class=\"title\"><a href=\"https:\/\/dkas.si\/aktivnosti\/posveti-in-konference\/aktualna-dejavnost-stroke\/\"><strong>Aktualna dejavnost stroke<\/strong><\/a><br \/>\nsre\u010danje, september 1994<br \/>\nLendava<\/p>\n","protected":false},"excerpt":{"rendered":"<p>Posveti, konference, okrogle mize Mesto dreves: evidenca dreves kot orodje za upravljanje in komunikacijo okrogla miza, 21. november 2023 Hi\u0161a arhitekture, Ljubljana Krajinska zasnova za zeleni prehod posvet, 18. maj 2022 Urbanisti\u010dni in\u0161titut RS, Ljubljana in po spletu Hladna mesta za vro\u010d planet 2021: na\u010drtovanje na podnebne spremembe odpornega mesta posvet, 5. oktober 2021 po [&hellip;]<\/p>\n","protected":false},"author":1,"featured_media":1188,"parent":173,"menu_order":5,"comment_status":"closed","ping_status":"closed","template":"","meta":{"footnotes":""},"class_list":["post-185","page","type-page","status-publish","has-post-thumbnail","hentry"],"_links":{"self":[{"href":"https:\/\/dkas.si\/fr\/wp-json\/wp\/v2\/pages\/185","targetHints":{"allow":["GET"]}}],"collection":[{"href":"https:\/\/dkas.si\/fr\/wp-json\/wp\/v2\/pages"}],"about":[{"href":"https:\/\/dkas.si\/fr\/wp-json\/wp\/v2\/types\/page"}],"author":[{"embeddable":true,"href":"https:\/\/dkas.si\/fr\/wp-json\/wp\/v2\/users\/1"}],"replies":[{"embeddable":true,"href":"https:\/\/dkas.si\/fr\/wp-json\/wp\/v2\/comments?post=185"}],"version-history":[{"count":75,"href":"https:\/\/dkas.si\/fr\/wp-json\/wp\/v2\/pages\/185\/revisions"}],"predecessor-version":[{"id":2474,"href":"https:\/\/dkas.si\/fr\/wp-json\/wp\/v2\/pages\/185\/revisions\/2474"}],"up":[{"embeddable":true,"href":"https:\/\/dkas.si\/fr\/wp-json\/wp\/v2\/pages\/173"}],"wp:featuredmedia":[{"embeddable":true,"href":"https:\/\/dkas.si\/fr\/wp-json\/wp\/v2\/media\/1188"}],"wp:attachment":[{"href":"https:\/\/dkas.si\/fr\/wp-json\/wp\/v2\/media?parent=185"}],"curies":[{"name":"wp","href":"https:\/\/api.w.org\/{rel}","templated":true}]}}